{"id":1682,"date":"2023-08-31T22:05:02","date_gmt":"2023-08-31T20:05:02","guid":{"rendered":"http:\/\/toutencarto.com\/?page_id=1682"},"modified":"2023-09-15T23:24:00","modified_gmt":"2023-09-15T21:24:00","slug":"rando-itinerante-en-bivouac-dans-les-vosges-du-sud","status":"publish","type":"page","link":"https:\/\/toutencarto.com\/index.php\/rando-itinerante-en-bivouac-dans-les-vosges-du-sud\/","title":{"rendered":"Rando itin\u00e9rante en bivouac dans les Vosges du Sud"},"content":{"rendered":"\n<h2 class=\"wp-block-heading has-text-color\" style=\"color:#139863\"><strong>Acc\u00e8s en mobilit\u00e9 douce<\/strong><\/h2>\n\n\n\n<p class=\"has-white-color has-vivid-cyan-blue-background-color has-text-color has-background\"><strong>Du Mercredi 27 au Vendredi 29 Septembre 2023<\/strong><br>Au d\u00e9part des gares de Metz, Nancy, Epinal, Remiremont le mercredi matin, ensuite bus r\u00e9gulier jusque St Maurice sur Moselle.<br>Retour bus+train depuis Bussang<\/p>\n\n\n\n<p><em>3 jours dans le sud des Vosges \u00e0 la fin de l&#8217;\u00e9t\u00e9, d\u00e9but de l&#8217;automne. La foule a d\u00e9sert\u00e9 les lieux, la montagne prend des teintes pastelles, les temp\u00e9ratures sont encore cl\u00e9mentes. C&#8217;est le moment de partir \u00e0 la d\u00e9couverte de cette r\u00e9gion \u00e0 cheval sur 4 d\u00e9partements. Tant\u00f4t en for\u00eat, tant\u00f4t sur les chaumes, cet itin\u00e9raire original nous fera d\u00e9couvrir parmi les plus beaux sites du sud du massif comme les Ballon de Servance et d&#8217;Alsace, les lacs de Sewen, du Neuweiher et des Perches.<\/em> <em>La Nature, rien que la Nature : Bivouac sous tente et on oublie la voiture puisque l&#8217;acc\u00e8s se fait en transport en commun (train+bus)<\/em><\/p>\n\n\n\n<figure class=\"wp-block-image size-large\"><img loading=\"lazy\" decoding=\"async\" width=\"1024\" height=\"682\" src=\"http:\/\/toutencarto.com\/wp-content\/uploads\/2023\/08\/image-1-1024x682.png\" alt=\"\" class=\"wp-image-1685\" srcset=\"https:\/\/toutencarto.com\/wp-content\/uploads\/2023\/08\/image-1-1024x682.png 1024w, https:\/\/toutencarto.com\/wp-content\/uploads\/2023\/08\/image-1-300x200.png 300w, https:\/\/toutencarto.com\/wp-content\/uploads\/2023\/08\/image-1-768x512.png 768w, https:\/\/toutencarto.com\/wp-content\/uploads\/2023\/08\/image-1.png 1397w\" sizes=\"auto, (max-width: 1024px) 100vw, 1024px\" \/><\/figure>\n\n\n\n<p><strong>Niveau <\/strong>: Randonneur habitu\u00e9 \u00e0 marcher toute une journ\u00e9e en montagne avec un sac \u00e0 dos mais le rythme est tranquille pour profiter, faire des photos, etc&#8230; 700 m. de d\u00e9nivel\u00e9 positif par jour, une quarantaine de km parcourus sur les 3 jours.<br>L&#8217;objectif est de d\u00e9couvrir ou red\u00e9couvrir les rudiments de la <strong>rando-bivouac<\/strong>. Pr\u00eat de mat\u00e9riel (tente, matelas) possible.<\/p>\n\n\n\n<p><strong>Tarif par personne<\/strong> : 50 \u20ac par jour. Ne comprend pas la nourriture et les d\u00e9placements en train et bus.<\/p>\n\n\n\n<figure class=\"wp-block-image size-large\"><img loading=\"lazy\" decoding=\"async\" width=\"1024\" height=\"682\" src=\"http:\/\/toutencarto.com\/wp-content\/uploads\/2023\/08\/image-1024x682.png\" alt=\"\" class=\"wp-image-1684\" srcset=\"https:\/\/toutencarto.com\/wp-content\/uploads\/2023\/08\/image-1024x682.png 1024w, https:\/\/toutencarto.com\/wp-content\/uploads\/2023\/08\/image-300x200.png 300w, https:\/\/toutencarto.com\/wp-content\/uploads\/2023\/08\/image-768x512.png 768w, https:\/\/toutencarto.com\/wp-content\/uploads\/2023\/08\/image.png 1397w\" sizes=\"auto, (max-width: 1024px) 100vw, 1024px\" \/><\/figure>\n","protected":false},"excerpt":{"rendered":"<p>Acc\u00e8s en mobilit\u00e9 douce Du Mercredi 27 au Vendredi 29 Septembre 2023Au d\u00e9part des gares de Metz, Nancy, Epinal, Remiremont le mercredi matin, ensuite bus r\u00e9gulier jusque St Maurice sur &#8230;<\/p>\n","protected":false},"author":1,"featured_media":0,"parent":0,"menu_order":0,"comment_status":"closed","ping_status":"closed","template":"","meta":{"footnotes":""},"class_list":["post-1682","page","type-page","status-publish","hentry"],"yoast_head":"<!-- This site is optimized with the Yoast SEO plugin v27.5 - https:\/\/yoast.com\/product\/yoast-seo-wordpress\/ -->\n<title>Rando itin\u00e9rante en bivouac dans les Vosges du Sud - ToutEnCarto<\/title>\n<meta name=\"robots\" content=\"index, follow, max-snippet:-1, max-image-preview:large, max-video-preview:-1\" \/>\n<link rel=\"canonical\" href=\"https:\/\/toutencarto.com\/index.php\/rando-itinerante-en-bivouac-dans-les-vosges-du-sud\/\" \/>\n<meta property=\"og:locale\" content=\"fr_FR\" \/>\n<meta property=\"og:type\" content=\"article\" \/>\n<meta property=\"og:title\" content=\"Rando itin\u00e9rante en bivouac dans les Vosges du Sud - ToutEnCarto\" \/>\n<meta property=\"og:description\" content=\"Acc\u00e8s en mobilit\u00e9 douce Du Mercredi 27 au Vendredi 29 Septembre 2023Au d\u00e9part des gares de Metz, Nancy, Epinal, Remiremont le mercredi matin, ensuite bus r\u00e9gulier jusque St Maurice sur ...\" \/>\n<meta property=\"og:url\" content=\"https:\/\/toutencarto.com\/index.php\/rando-itinerante-en-bivouac-dans-les-vosges-du-sud\/\" \/>\n<meta property=\"og:site_name\" content=\"ToutEnCarto\" \/>\n<meta property=\"article:modified_time\" content=\"2023-09-15T21:24:00+00:00\" \/>\n<meta property=\"og:image\" content=\"http:\/\/toutencarto.com\/wp-content\/uploads\/2023\/08\/image-1-1024x682.png\" \/>\n<meta name=\"twitter:card\" content=\"summary_large_image\" \/>\n<meta name=\"twitter:label1\" content=\"Dur\u00e9e de lecture estim\u00e9e\" \/>\n\t<meta name=\"twitter:data1\" content=\"2 minutes\" \/>\n<script type=\"application\/ld+json\" class=\"yoast-schema-graph\">{\"@context\":\"https:\\\/\\\/schema.org\",\"@graph\":[{\"@type\":\"WebPage\",\"@id\":\"https:\\\/\\\/toutencarto.com\\\/index.php\\\/rando-itinerante-en-bivouac-dans-les-vosges-du-sud\\\/\",\"url\":\"https:\\\/\\\/toutencarto.com\\\/index.php\\\/rando-itinerante-en-bivouac-dans-les-vosges-du-sud\\\/\",\"name\":\"Rando itin\u00e9rante en bivouac dans les Vosges du Sud - ToutEnCarto\",\"isPartOf\":{\"@id\":\"https:\\\/\\\/toutencarto.com\\\/#website\"},\"primaryImageOfPage\":{\"@id\":\"https:\\\/\\\/toutencarto.com\\\/index.php\\\/rando-itinerante-en-bivouac-dans-les-vosges-du-sud\\\/#primaryimage\"},\"image\":{\"@id\":\"https:\\\/\\\/toutencarto.com\\\/index.php\\\/rando-itinerante-en-bivouac-dans-les-vosges-du-sud\\\/#primaryimage\"},\"thumbnailUrl\":\"http:\\\/\\\/toutencarto.com\\\/wp-content\\\/uploads\\\/2023\\\/08\\\/image-1-1024x682.png\",\"datePublished\":\"2023-08-31T20:05:02+00:00\",\"dateModified\":\"2023-09-15T21:24:00+00:00\",\"breadcrumb\":{\"@id\":\"https:\\\/\\\/toutencarto.com\\\/index.php\\\/rando-itinerante-en-bivouac-dans-les-vosges-du-sud\\\/#breadcrumb\"},\"inLanguage\":\"fr-FR\",\"potentialAction\":[{\"@type\":\"ReadAction\",\"target\":[\"https:\\\/\\\/toutencarto.com\\\/index.php\\\/rando-itinerante-en-bivouac-dans-les-vosges-du-sud\\\/\"]}]},{\"@type\":\"ImageObject\",\"inLanguage\":\"fr-FR\",\"@id\":\"https:\\\/\\\/toutencarto.com\\\/index.php\\\/rando-itinerante-en-bivouac-dans-les-vosges-du-sud\\\/#primaryimage\",\"url\":\"https:\\\/\\\/toutencarto.com\\\/wp-content\\\/uploads\\\/2023\\\/08\\\/image-1.png\",\"contentUrl\":\"https:\\\/\\\/toutencarto.com\\\/wp-content\\\/uploads\\\/2023\\\/08\\\/image-1.png\",\"width\":1397,\"height\":931},{\"@type\":\"BreadcrumbList\",\"@id\":\"https:\\\/\\\/toutencarto.com\\\/index.php\\\/rando-itinerante-en-bivouac-dans-les-vosges-du-sud\\\/#breadcrumb\",\"itemListElement\":[{\"@type\":\"ListItem\",\"position\":1,\"name\":\"Accueil\",\"item\":\"https:\\\/\\\/toutencarto.com\\\/\"},{\"@type\":\"ListItem\",\"position\":2,\"name\":\"Rando itin\u00e9rante en bivouac dans les Vosges du Sud\"}]},{\"@type\":\"WebSite\",\"@id\":\"https:\\\/\\\/toutencarto.com\\\/#website\",\"url\":\"https:\\\/\\\/toutencarto.com\\\/\",\"name\":\"ToutEnCarto\",\"description\":\"Formations GPS et applis smartphone pour l&#039;orientation en milieu naturel\",\"publisher\":{\"@id\":\"https:\\\/\\\/toutencarto.com\\\/#organization\"},\"potentialAction\":[{\"@type\":\"SearchAction\",\"target\":{\"@type\":\"EntryPoint\",\"urlTemplate\":\"https:\\\/\\\/toutencarto.com\\\/?s={search_term_string}\"},\"query-input\":{\"@type\":\"PropertyValueSpecification\",\"valueRequired\":true,\"valueName\":\"search_term_string\"}}],\"inLanguage\":\"fr-FR\"},{\"@type\":\"Organization\",\"@id\":\"https:\\\/\\\/toutencarto.com\\\/#organization\",\"name\":\"ToutEnCarto\",\"url\":\"https:\\\/\\\/toutencarto.com\\\/\",\"logo\":{\"@type\":\"ImageObject\",\"inLanguage\":\"fr-FR\",\"@id\":\"https:\\\/\\\/toutencarto.com\\\/#\\\/schema\\\/logo\\\/image\\\/\",\"url\":\"https:\\\/\\\/toutencarto.com\\\/wp-content\\\/uploads\\\/2023\\\/07\\\/cropped-TOUTenCARTO_LOGO-1.jpg\",\"contentUrl\":\"https:\\\/\\\/toutencarto.com\\\/wp-content\\\/uploads\\\/2023\\\/07\\\/cropped-TOUTenCARTO_LOGO-1.jpg\",\"width\":1653,\"height\":607,\"caption\":\"ToutEnCarto\"},\"image\":{\"@id\":\"https:\\\/\\\/toutencarto.com\\\/#\\\/schema\\\/logo\\\/image\\\/\"}}]}<\/script>\n<!-- \/ Yoast SEO plugin. -->","yoast_head_json":{"title":"Rando itin\u00e9rante en bivouac dans les Vosges du Sud - ToutEnCarto","robots":{"index":"index","follow":"follow","max-snippet":"max-snippet:-1","max-image-preview":"max-image-preview:large","max-video-preview":"max-video-preview:-1"},"canonical":"https:\/\/toutencarto.com\/index.php\/rando-itinerante-en-bivouac-dans-les-vosges-du-sud\/","og_locale":"fr_FR","og_type":"article","og_title":"Rando itin\u00e9rante en bivouac dans les Vosges du Sud - ToutEnCarto","og_description":"Acc\u00e8s en mobilit\u00e9 douce Du Mercredi 27 au Vendredi 29 Septembre 2023Au d\u00e9part des gares de Metz, Nancy, Epinal, Remiremont le mercredi matin, ensuite bus r\u00e9gulier jusque St Maurice sur ...","og_url":"https:\/\/toutencarto.com\/index.php\/rando-itinerante-en-bivouac-dans-les-vosges-du-sud\/","og_site_name":"ToutEnCarto","article_modified_time":"2023-09-15T21:24:00+00:00","og_image":[{"url":"http:\/\/toutencarto.com\/wp-content\/uploads\/2023\/08\/image-1-1024x682.png","type":"","width":"","height":""}],"twitter_card":"summary_large_image","twitter_misc":{"Dur\u00e9e de lecture estim\u00e9e":"2 minutes"},"schema":{"@context":"https:\/\/schema.org","@graph":[{"@type":"WebPage","@id":"https:\/\/toutencarto.com\/index.php\/rando-itinerante-en-bivouac-dans-les-vosges-du-sud\/","url":"https:\/\/toutencarto.com\/index.php\/rando-itinerante-en-bivouac-dans-les-vosges-du-sud\/","name":"Rando itin\u00e9rante en bivouac dans les Vosges du Sud - ToutEnCarto","isPartOf":{"@id":"https:\/\/toutencarto.com\/#website"},"primaryImageOfPage":{"@id":"https:\/\/toutencarto.com\/index.php\/rando-itinerante-en-bivouac-dans-les-vosges-du-sud\/#primaryimage"},"image":{"@id":"https:\/\/toutencarto.com\/index.php\/rando-itinerante-en-bivouac-dans-les-vosges-du-sud\/#primaryimage"},"thumbnailUrl":"http:\/\/toutencarto.com\/wp-content\/uploads\/2023\/08\/image-1-1024x682.png","datePublished":"2023-08-31T20:05:02+00:00","dateModified":"2023-09-15T21:24:00+00:00","breadcrumb":{"@id":"https:\/\/toutencarto.com\/index.php\/rando-itinerante-en-bivouac-dans-les-vosges-du-sud\/#breadcrumb"},"inLanguage":"fr-FR","potentialAction":[{"@type":"ReadAction","target":["https:\/\/toutencarto.com\/index.php\/rando-itinerante-en-bivouac-dans-les-vosges-du-sud\/"]}]},{"@type":"ImageObject","inLanguage":"fr-FR","@id":"https:\/\/toutencarto.com\/index.php\/rando-itinerante-en-bivouac-dans-les-vosges-du-sud\/#primaryimage","url":"https:\/\/toutencarto.com\/wp-content\/uploads\/2023\/08\/image-1.png","contentUrl":"https:\/\/toutencarto.com\/wp-content\/uploads\/2023\/08\/image-1.png","width":1397,"height":931},{"@type":"BreadcrumbList","@id":"https:\/\/toutencarto.com\/index.php\/rando-itinerante-en-bivouac-dans-les-vosges-du-sud\/#breadcrumb","itemListElement":[{"@type":"ListItem","position":1,"name":"Accueil","item":"https:\/\/toutencarto.com\/"},{"@type":"ListItem","position":2,"name":"Rando itin\u00e9rante en bivouac dans les Vosges du Sud"}]},{"@type":"WebSite","@id":"https:\/\/toutencarto.com\/#website","url":"https:\/\/toutencarto.com\/","name":"ToutEnCarto","description":"Formations GPS et applis smartphone pour l&#039;orientation en milieu naturel","publisher":{"@id":"https:\/\/toutencarto.com\/#organization"},"potentialAction":[{"@type":"SearchAction","target":{"@type":"EntryPoint","urlTemplate":"https:\/\/toutencarto.com\/?s={search_term_string}"},"query-input":{"@type":"PropertyValueSpecification","valueRequired":true,"valueName":"search_term_string"}}],"inLanguage":"fr-FR"},{"@type":"Organization","@id":"https:\/\/toutencarto.com\/#organization","name":"ToutEnCarto","url":"https:\/\/toutencarto.com\/","logo":{"@type":"ImageObject","inLanguage":"fr-FR","@id":"https:\/\/toutencarto.com\/#\/schema\/logo\/image\/","url":"https:\/\/toutencarto.com\/wp-content\/uploads\/2023\/07\/cropped-TOUTenCARTO_LOGO-1.jpg","contentUrl":"https:\/\/toutencarto.com\/wp-content\/uploads\/2023\/07\/cropped-TOUTenCARTO_LOGO-1.jpg","width":1653,"height":607,"caption":"ToutEnCarto"},"image":{"@id":"https:\/\/toutencarto.com\/#\/schema\/logo\/image\/"}}]}},"_links":{"self":[{"href":"https:\/\/toutencarto.com\/index.php\/wp-json\/wp\/v2\/pages\/1682","targetHints":{"allow":["GET"]}}],"collection":[{"href":"https:\/\/toutencarto.com\/index.php\/wp-json\/wp\/v2\/pages"}],"about":[{"href":"https:\/\/toutencarto.com\/index.php\/wp-json\/wp\/v2\/types\/page"}],"author":[{"embeddable":true,"href":"https:\/\/toutencarto.com\/index.php\/wp-json\/wp\/v2\/users\/1"}],"replies":[{"embeddable":true,"href":"https:\/\/toutencarto.com\/index.php\/wp-json\/wp\/v2\/comments?post=1682"}],"version-history":[{"count":4,"href":"https:\/\/toutencarto.com\/index.php\/wp-json\/wp\/v2\/pages\/1682\/revisions"}],"predecessor-version":[{"id":1703,"href":"https:\/\/toutencarto.com\/index.php\/wp-json\/wp\/v2\/pages\/1682\/revisions\/1703"}],"wp:attachment":[{"href":"https:\/\/toutencarto.com\/index.php\/wp-json\/wp\/v2\/media?parent=1682"}],"curies":[{"name":"wp","href":"https:\/\/api.w.org\/{rel}","templated":true}]}}